{"id":564,"date":"2025-12-23T06:29:25","date_gmt":"2025-12-23T06:29:25","guid":{"rendered":"https:\/\/arquimund.com\/?page_id=564"},"modified":"2025-12-23T06:30:33","modified_gmt":"2025-12-23T06:30:33","slug":"tendencias-de-diseno-interior-en-2025-espacios-que-transmiten-calma-y-personalidad","status":"publish","type":"page","link":"https:\/\/arquimund.com\/?page_id=564","title":{"rendered":"Tendencias de Dise\u00f1o Interior en 2025: Espacios que Transmiten Calma y Personalidad"},"content":{"rendered":"\t\t<div data-elementor-type=\"wp-page\" data-elementor-id=\"564\" class=\"elementor elementor-564\" data-elementor-post-type=\"page\">\n\t\t\t\t<div class=\"elementor-element elementor-element-9731da8 e-flex e-con-boxed e-con e-parent\" data-id=\"9731da8\" data-element_type=\"container\" data-e-type=\"container\" data-settings=\"{&quot;ekit_has_onepagescroll_dot&quot;:&quot;yes&quot;}\">\n\t\t\t\t\t<div class=\"e-con-inner\">\n\t\t\t\t<div class=\"elementor-element elementor-element-8259465 elementor-widget elementor-widget-text-editor\" data-id=\"8259465\" data-element_type=\"widget\" data-e-type=\"widget\" data-settings=\"{&quot;ekit_we_effect_on&quot;:&quot;none&quot;}\" data-widget_type=\"text-editor.default\">\n\t\t\t\t<div class=\"elementor-widget-container\">\n\t\t\t\t\t\t\t\t\t<p data-start=\"281\" data-end=\"571\">El dise\u00f1o interior en 2025 va mucho m\u00e1s all\u00e1 de la est\u00e9tica visual. Hoy, los espacios se conciben para <strong data-start=\"384\" data-end=\"415\">generar bienestar emocional<\/strong>, conexi\u00f3n con la naturaleza y equilibrio entre funcionalidad y belleza. La casa deja de ser solo un lugar para vivir y se convierte en un refugio personal.<\/p><h3 data-start=\"573\" data-end=\"630\"><strong data-start=\"577\" data-end=\"630\">Principales tendencias de dise\u00f1o interior en 2025<\/strong><\/h3><p data-start=\"632\" data-end=\"845\">Una de las tendencias m\u00e1s destacadas es el uso de <strong data-start=\"682\" data-end=\"714\">colores naturales y terrosos<\/strong>, como beige, arena, verde oliva y tonos arcilla. Estos colores aportan serenidad y ayudan a crear ambientes c\u00e1lidos y atemporales.<\/p><p data-start=\"847\" data-end=\"1065\">Los <strong data-start=\"851\" data-end=\"875\">materiales org\u00e1nicos<\/strong> tambi\u00e9n tienen un papel protagonista. La madera natural, la piedra, el m\u00e1rmol, el lino y el algod\u00f3n se utilizan no solo por su belleza, sino por la sensaci\u00f3n de autenticidad que transmiten.<\/p><p data-start=\"1067\" data-end=\"1318\">Otro punto clave es el concepto de <strong data-start=\"1102\" data-end=\"1142\">minimalismo c\u00e1lido (Warm Minimalism)<\/strong>. A diferencia del minimalismo tradicional, este estilo no busca espacios fr\u00edos, sino ambientes simples, funcionales y acogedores, donde cada elemento tiene un prop\u00f3sito claro.<\/p><p data-start=\"1320\" data-end=\"1477\">Por \u00faltimo, la <strong data-start=\"1335\" data-end=\"1360\">iluminaci\u00f3n emocional<\/strong> se vuelve esencial. Se priorizan luces suaves, indirectas y regulables que acompa\u00f1en los distintos momentos del d\u00eda.<\/p><p data-start=\"1479\" data-end=\"1636\">\ud83d\udc49 En 2025, un buen dise\u00f1o interior no se trata de seguir modas, sino de crear espacios que reflejen la identidad y el estilo de vida de quienes los habitan.<\/p>\t\t\t\t\t\t\t\t<\/div>\n\t\t\t\t<\/div>\n\t\t\t\t\t<\/div>\n\t\t\t\t<\/div>\n\t\t\t\t<\/div>\n\t\t","protected":false},"excerpt":{"rendered":"<p>El dise\u00f1o interior en 2025 va mucho m\u00e1s all\u00e1 de la est\u00e9tica visual. Hoy, los espacios se conciben para generar bienestar emocional, conexi\u00f3n con la naturaleza y equilibrio entre funcionalidad y belleza. La casa deja de ser solo un lugar para vivir y se convierte en un refugio personal. Principales tendencias de dise\u00f1o interior en 2025 Una de las tendencias m\u00e1s destacadas es el uso de colores naturales y terrosos, como beige, arena, verde oliva y tonos arcilla. Estos colores aportan serenidad y ayudan a crear ambientes c\u00e1lidos y atemporales. Los materiales org\u00e1nicos tambi\u00e9n tienen un papel protagonista. La madera&#8230; <\/p>\n","protected":false},"author":4,"featured_media":0,"parent":0,"menu_order":0,"comment_status":"closed","ping_status":"closed","template":"","meta":{"footnotes":""},"class_list":["post-564","page","type-page","status-publish","hentry"],"_links":{"self":[{"href":"https:\/\/arquimund.com\/index.php?rest_route=\/wp\/v2\/pages\/564","targetHints":{"allow":["GET"]}}],"collection":[{"href":"https:\/\/arquimund.com\/index.php?rest_route=\/wp\/v2\/pages"}],"about":[{"href":"https:\/\/arquimund.com\/index.php?rest_route=\/wp\/v2\/types\/page"}],"author":[{"embeddable":true,"href":"https:\/\/arquimund.com\/index.php?rest_route=\/wp\/v2\/users\/4"}],"replies":[{"embeddable":true,"href":"https:\/\/arquimund.com\/index.php?rest_route=%2Fwp%2Fv2%2Fcomments&post=564"}],"version-history":[{"count":4,"href":"https:\/\/arquimund.com\/index.php?rest_route=\/wp\/v2\/pages\/564\/revisions"}],"predecessor-version":[{"id":570,"href":"https:\/\/arquimund.com\/index.php?rest_route=\/wp\/v2\/pages\/564\/revisions\/570"}],"wp:attachment":[{"href":"https:\/\/arquimund.com\/index.php?rest_route=%2Fwp%2Fv2%2Fmedia&parent=564"}],"curies":[{"name":"wp","href":"https:\/\/api.w.org\/{rel}","templated":true}]}}